{"id":5813,"date":"2022-06-09T14:21:49","date_gmt":"2022-06-09T12:21:49","guid":{"rendered":"https:\/\/valaissolidaire.ch\/mitgliederbereich\/workshops-und-schulungen\/"},"modified":"2024-04-08T16:01:32","modified_gmt":"2024-04-08T14:01:32","slug":"workshops-und-schulungen","status":"publish","type":"page","link":"https:\/\/valaissolidaire.ch\/de\/mitgliederbereich\/workshops-und-schulungen\/","title":{"rendered":"Workshops und Schulungen"},"content":{"rendered":"\t\t<div data-elementor-type=\"wp-page\" data-elementor-id=\"5813\" class=\"elementor elementor-5813 elementor-2321\" data-elementor-post-type=\"page\">\n\t\t\t\t\t\t<section class=\"elementor-section elementor-top-section elementor-element elementor-element-94529f2 elementor-section-stretched elementor-section-boxed elementor-section-height-default elementor-section-height-default\" data-id=\"94529f2\" data-element_type=\"section\" data-settings=\"{&quot;stretch_section&quot;:&quot;section-stretched&quot;,&quot;background_background&quot;:&quot;classic&quot;}\">\n\t\t\t\t\t\t\t<div class=\"elementor-background-overlay\"><\/div>\n\t\t\t\t\t\t\t<div class=\"elementor-container elementor-column-gap-default\">\n\t\t\t\t\t<div class=\"elementor-column elementor-col-100 elementor-top-column elementor-element elementor-element-d907356\" data-id=\"d907356\" data-element_type=\"column\">\n\t\t\t<div class=\"elementor-widget-wrap elementor-element-populated\">\n\t\t\t\t\t\t<div class=\"elementor-element elementor-element-0666d6e elementor-widget elementor-widget-spacer\" data-id=\"0666d6e\" data-element_type=\"widget\" data-widget_type=\"spacer.default\">\n\t\t\t\t<div class=\"elementor-widget-container\">\n\t\t\t\t\t\t\t<div class=\"elementor-spacer\">\n\t\t\t<div class=\"elementor-spacer-inner\"><\/div>\n\t\t<\/div>\n\t\t\t\t\t\t<\/div>\n\t\t\t\t<\/div>\n\t\t\t\t<div class=\"elementor-element elementor-element-d195382 elementor-widget elementor-widget-heading\" data-id=\"d195382\" data-element_type=\"widget\" data-widget_type=\"heading.default\">\n\t\t\t\t<div class=\"elementor-widget-container\">\n\t\t\t\t\t<h1 class=\"elementor-heading-title elementor-size-default\">Workshops und Schulungen<\/h1>\t\t\t\t<\/div>\n\t\t\t\t<\/div>\n\t\t\t\t<div class=\"elementor-element elementor-element-c978a77 elementor-widget elementor-widget-spacer\" data-id=\"c978a77\" data-element_type=\"widget\" data-widget_type=\"spacer.default\">\n\t\t\t\t<div class=\"elementor-widget-container\">\n\t\t\t\t\t\t\t<div class=\"elementor-spacer\">\n\t\t\t<div class=\"elementor-spacer-inner\"><\/div>\n\t\t<\/div>\n\t\t\t\t\t\t<\/div>\n\t\t\t\t<\/div>\n\t\t\t\t\t<\/div>\n\t\t<\/div>\n\t\t\t\t\t<\/div>\n\t\t<\/section>\n\t\t\t\t<section class=\"elementor-section elementor-top-section elementor-element elementor-element-dda4ad7 elementor-section-boxed elementor-section-height-default elementor-section-height-default\" data-id=\"dda4ad7\" data-element_type=\"section\">\n\t\t\t\t\t\t<div class=\"elementor-container elementor-column-gap-default\">\n\t\t\t\t\t<div class=\"elementor-column elementor-col-100 elementor-top-column elementor-element elementor-element-bec039f\" data-id=\"bec039f\" data-element_type=\"column\">\n\t\t\t<div class=\"elementor-widget-wrap elementor-element-populated\">\n\t\t\t\t\t\t<div class=\"elementor-element elementor-element-637e8ee elementor-widget elementor-widget-spacer\" data-id=\"637e8ee\" data-element_type=\"widget\" data-widget_type=\"spacer.default\">\n\t\t\t\t<div class=\"elementor-widget-container\">\n\t\t\t\t\t\t\t<div class=\"elementor-spacer\">\n\t\t\t<div class=\"elementor-spacer-inner\"><\/div>\n\t\t<\/div>\n\t\t\t\t\t\t<\/div>\n\t\t\t\t<\/div>\n\t\t\t\t<section class=\"elementor-section elementor-inner-section elementor-element elementor-element-369d481 elementor-section-boxed elementor-section-height-default elementor-section-height-default\" data-id=\"369d481\" data-element_type=\"section\">\n\t\t\t\t\t\t<div class=\"elementor-container elementor-column-gap-default\">\n\t\t\t\t\t<div class=\"elementor-column elementor-col-33 elementor-inner-column elementor-element elementor-element-26b7a01\" data-id=\"26b7a01\" data-element_type=\"column\">\n\t\t\t<div class=\"elementor-widget-wrap elementor-element-populated\">\n\t\t\t\t\t\t<div class=\"elementor-element elementor-element-aec0cad elementor-view-default elementor-widget elementor-widget-icon\" data-id=\"aec0cad\" data-element_type=\"widget\" data-widget_type=\"icon.default\">\n\t\t\t\t<div class=\"elementor-widget-container\">\n\t\t\t\t\t\t\t<div class=\"elementor-icon-wrapper\">\n\t\t\t<div class=\"elementor-icon\">\n\t\t\t<i aria-hidden=\"true\" class=\"far fa-object-group\"><\/i>\t\t\t<\/div>\n\t\t<\/div>\n\t\t\t\t\t\t<\/div>\n\t\t\t\t<\/div>\n\t\t\t\t<div class=\"elementor-element elementor-element-0705f5c elementor-widget elementor-widget-heading\" data-id=\"0705f5c\" data-element_type=\"widget\" data-widget_type=\"heading.default\">\n\t\t\t\t<div class=\"elementor-widget-container\">\n\t\t\t\t\t<h3 class=\"elementor-heading-title elementor-size-default\">Workshops<\/h3>\t\t\t\t<\/div>\n\t\t\t\t<\/div>\n\t\t\t\t<div class=\"elementor-element elementor-element-b7630d7 elementor-widget elementor-widget-text-editor\" data-id=\"b7630d7\" data-element_type=\"widget\" data-widget_type=\"text-editor.default\">\n\t\t\t\t<div class=\"elementor-widget-container\">\n\t\t\t\t\t\t\t\t\t<p><strong><span style=\"color: #008000;\">Comment optimiser sa demande de contribution de projet<\/span><\/strong><\/p>\n<p><strong>Samedi 2 mars 2024<\/strong><\/p>\n<p><span style=\"color: #008000;\">9h00 \u00e0 12h00<\/span><\/p>\n<p>Av. de la Gare 6, 1920 Martigny<\/p>\n<p>Soutien de Valais Solidaire pour remplir les fiches de la demande de contribution.<\/p>\n<p>Renseignements et inscription \u00e0 info@valaissolidaire.ch<\/p>\n\t\t\t\t\t\t\t\t<\/div>\n\t\t\t\t<\/div>\n\t\t\t\t\t<\/div>\n\t\t<\/div>\n\t\t\t\t<div class=\"elementor-column elementor-col-33 elementor-inner-column elementor-element elementor-element-7e4942c\" data-id=\"7e4942c\" data-element_type=\"column\">\n\t\t\t<div class=\"elementor-widget-wrap elementor-element-populated\">\n\t\t\t\t\t\t<div class=\"elementor-element elementor-element-0b18665 elementor-view-default elementor-widget elementor-widget-icon\" data-id=\"0b18665\" data-element_type=\"widget\" data-widget_type=\"icon.default\">\n\t\t\t\t<div class=\"elementor-widget-container\">\n\t\t\t\t\t\t\t<div class=\"elementor-icon-wrapper\">\n\t\t\t<div class=\"elementor-icon\">\n\t\t\t<i aria-hidden=\"true\" class=\"far fa-money-bill-alt\"><\/i>\t\t\t<\/div>\n\t\t<\/div>\n\t\t\t\t\t\t<\/div>\n\t\t\t\t<\/div>\n\t\t\t\t<div class=\"elementor-element elementor-element-161b54c elementor-widget elementor-widget-heading\" data-id=\"161b54c\" data-element_type=\"widget\" data-widget_type=\"heading.default\">\n\t\t\t\t<div class=\"elementor-widget-container\">\n\t\t\t\t\t<h3 class=\"elementor-heading-title elementor-size-default\">Workshops <\/h3>\t\t\t\t<\/div>\n\t\t\t\t<\/div>\n\t\t\t\t<div class=\"elementor-element elementor-element-7cbd082 elementor-widget elementor-widget-text-editor\" data-id=\"7cbd082\" data-element_type=\"widget\" data-widget_type=\"text-editor.default\">\n\t\t\t\t<div class=\"elementor-widget-container\">\n\t\t\t\t\t\t\t\t\t<p><span style=\"color: #008000;\"><strong>Caf\u00e9 &#8211; Compta<\/strong><\/span><\/p>\n<p><strong>Samedi 20 avril 2024<\/strong><\/p>\n<p><span style=\"color: #008000;\">9h00 &#8211; 12h00<\/span><\/p>\n<p>Rue d&#8217;Oche 3, 1920 Martigny<\/p>\n<p>Soutien \u00e0 la comptabilit\u00e9 et mise \u00e0 niveau vers la &#8222;Norme Swiss GAAP RPC21&#8220; pour les organisations membres.<\/p>\n<p>Renseignements et inscription \u00e0 info@valaissolidaire.ch<\/p>\n\t\t\t\t\t\t\t\t<\/div>\n\t\t\t\t<\/div>\n\t\t\t\t\t<\/div>\n\t\t<\/div>\n\t\t\t\t<div class=\"elementor-column elementor-col-33 elementor-inner-column elementor-element elementor-element-dae9b5c\" data-id=\"dae9b5c\" data-element_type=\"column\">\n\t\t\t<div class=\"elementor-widget-wrap elementor-element-populated\">\n\t\t\t\t\t\t<div class=\"elementor-element elementor-element-95ff91c elementor-view-default elementor-widget elementor-widget-icon\" data-id=\"95ff91c\" data-element_type=\"widget\" data-widget_type=\"icon.default\">\n\t\t\t\t<div class=\"elementor-widget-container\">\n\t\t\t\t\t\t\t<div class=\"elementor-icon-wrapper\">\n\t\t\t<div class=\"elementor-icon\">\n\t\t\t<i aria-hidden=\"true\" class=\"fas fa-object-ungroup\"><\/i>\t\t\t<\/div>\n\t\t<\/div>\n\t\t\t\t\t\t<\/div>\n\t\t\t\t<\/div>\n\t\t\t\t<div class=\"elementor-element elementor-element-6ab6e52 elementor-widget elementor-widget-heading\" data-id=\"6ab6e52\" data-element_type=\"widget\" data-widget_type=\"heading.default\">\n\t\t\t\t<div class=\"elementor-widget-container\">\n\t\t\t\t\t<h3 class=\"elementor-heading-title elementor-size-default\">Workshops<\/h3>\t\t\t\t<\/div>\n\t\t\t\t<\/div>\n\t\t\t\t\t<\/div>\n\t\t<\/div>\n\t\t\t\t\t<\/div>\n\t\t<\/section>\n\t\t\t\t<div class=\"elementor-element elementor-element-10edda3 elementor-widget elementor-widget-spacer\" data-id=\"10edda3\" data-element_type=\"widget\" data-widget_type=\"spacer.default\">\n\t\t\t\t<div class=\"elementor-widget-container\">\n\t\t\t\t\t\t\t<div class=\"elementor-spacer\">\n\t\t\t<div class=\"elementor-spacer-inner\"><\/div>\n\t\t<\/div>\n\t\t\t\t\t\t<\/div>\n\t\t\t\t<\/div>\n\t\t\t\t<div class=\"elementor-element elementor-element-b3d29cb elementor-widget elementor-widget-text-editor\" data-id=\"b3d29cb\" data-element_type=\"widget\" data-widget_type=\"text-editor.default\">\n\t\t\t\t<div class=\"elementor-widget-container\">\n\t\t\t\t\t\t\t\t\t<p>Pour tout renseignement , vous pouvez prendre contact avec le secr\u00e9tariat par mail : <a href=\"mailto:info@valaissolidaire.ch\">info@valaissolidaire.ch<\/a><\/p>\n\t\t\t\t\t\t\t\t<\/div>\n\t\t\t\t<\/div>\n\t\t\t\t<div class=\"elementor-element elementor-element-b245740 elementor-widget elementor-widget-spacer\" data-id=\"b245740\" data-element_type=\"widget\" data-widget_type=\"spacer.default\">\n\t\t\t\t<div class=\"elementor-widget-container\">\n\t\t\t\t\t\t\t<div class=\"elementor-spacer\">\n\t\t\t<div class=\"elementor-spacer-inner\"><\/div>\n\t\t<\/div>\n\t\t\t\t\t\t<\/div>\n\t\t\t\t<\/div>\n\t\t\t\t\t<\/div>\n\t\t<\/div>\n\t\t\t\t\t<\/div>\n\t\t<\/section>\n\t\t\t\t<\/div>\n\t\t","protected":false},"excerpt":{"rendered":"<p>Workshops und Schulungen Workshops Comment optimiser sa demande de contribution de projet Samedi 2 mars 2024 9h00 \u00e0 12h00 Av. de la Gare 6, 1920 Martigny Soutien de Valais Solidaire pour remplir les fiches de la demande de contribution. Renseignements et inscription \u00e0 info@valaissolidaire.ch Workshops Caf\u00e9 &#8211; Compta Samedi 20 avril 2024 9h00 &#8211; 12h00 [&hellip;]<\/p>\n","protected":false},"author":1,"featured_media":0,"parent":5787,"menu_order":3,"comment_status":"closed","ping_status":"closed","template":"","meta":{"ocean_post_layout":"","ocean_both_sidebars_style":"","ocean_both_sidebars_content_width":0,"ocean_both_sidebars_sidebars_width":0,"ocean_sidebar":"0","ocean_second_sidebar":"0","ocean_disable_margins":"on","ocean_add_body_class":"","ocean_shortcode_before_top_bar":"","ocean_shortcode_after_top_bar":"","ocean_shortcode_before_header":"","ocean_shortcode_after_header":"","ocean_has_shortcode":"","ocean_shortcode_after_title":"","ocean_shortcode_before_footer_widgets":"","ocean_shortcode_after_footer_widgets":"","ocean_shortcode_before_footer_bottom":"","ocean_shortcode_after_footer_bottom":"","ocean_display_top_bar":"default","ocean_display_header":"default","ocean_header_style":"","ocean_center_header_left_menu":"0","ocean_custom_header_template":"0","ocean_custom_logo":0,"ocean_custom_retina_logo":0,"ocean_custom_logo_max_width":0,"ocean_custom_logo_tablet_max_width":0,"ocean_custom_logo_mobile_max_width":0,"ocean_custom_logo_max_height":0,"ocean_custom_logo_tablet_max_height":0,"ocean_custom_logo_mobile_max_height":0,"ocean_header_custom_menu":"0","ocean_menu_typo_font_family":"0","ocean_menu_typo_font_subset":"","ocean_menu_typo_font_size":0,"ocean_menu_typo_font_size_tablet":0,"ocean_menu_typo_font_size_mobile":0,"ocean_menu_typo_font_size_unit":"px","ocean_menu_typo_font_weight":"","ocean_menu_typo_font_weight_tablet":"","ocean_menu_typo_font_weight_mobile":"","ocean_menu_typo_transform":"","ocean_menu_typo_transform_tablet":"","ocean_menu_typo_transform_mobile":"","ocean_menu_typo_line_height":0,"ocean_menu_typo_line_height_tablet":0,"ocean_menu_typo_line_height_mobile":0,"ocean_menu_typo_line_height_unit":"","ocean_menu_typo_spacing":0,"ocean_menu_typo_spacing_tablet":0,"ocean_menu_typo_spacing_mobile":0,"ocean_menu_typo_spacing_unit":"","ocean_menu_link_color":"","ocean_menu_link_color_hover":"","ocean_menu_link_color_active":"","ocean_menu_link_background":"","ocean_menu_link_hover_background":"","ocean_menu_link_active_background":"","ocean_menu_social_links_bg":"","ocean_menu_social_hover_links_bg":"","ocean_menu_social_links_color":"","ocean_menu_social_hover_links_color":"","ocean_disable_title":"default","ocean_disable_heading":"default","ocean_post_title":"","ocean_post_subheading":"","ocean_post_title_style":"","ocean_post_title_background_color":"","ocean_post_title_background":0,"ocean_post_title_bg_image_position":"","ocean_post_title_bg_image_attachment":"","ocean_post_title_bg_image_repeat":"","ocean_post_title_bg_image_size":"","ocean_post_title_height":0,"ocean_post_title_bg_overlay":0.5,"ocean_post_title_bg_overlay_color":"","ocean_disable_breadcrumbs":"default","ocean_breadcrumbs_color":"","ocean_breadcrumbs_separator_color":"","ocean_breadcrumbs_links_color":"","ocean_breadcrumbs_links_hover_color":"","ocean_display_footer_widgets":"default","ocean_display_footer_bottom":"default","ocean_custom_footer_template":"0","osh_disable_topbar_sticky":"default","osh_disable_header_sticky":"default","osh_sticky_header_style":"default","osh_sticky_header_effect":"","osh_custom_sticky_logo":0,"osh_custom_retina_sticky_logo":0,"osh_custom_sticky_logo_height":0,"osh_background_color":"","osh_links_color":"","osh_links_hover_color":"","osh_links_active_color":"","osh_links_bg_color":"","osh_links_hover_bg_color":"","osh_links_active_bg_color":"","osh_menu_social_links_color":"","osh_menu_social_hover_links_color":"","footnotes":""},"class_list":["post-5813","page","type-page","status-publish","hentry","entry"],"yoast_head":"<!-- This site is optimized with the Yoast SEO plugin v26.7 - https:\/\/yoast.com\/wordpress\/plugins\/seo\/ -->\n<title>Workshops und Schulungen - Valais Solidaire<\/title>\n<meta name=\"robots\" content=\"index, follow, max-snippet:-1, max-image-preview:large, max-video-preview:-1\" \/>\n<link rel=\"canonical\" href=\"https:\/\/valaissolidaire.ch\/de\/mitgliederbereich\/workshops-und-schulungen\/\" \/>\n<meta property=\"og:locale\" content=\"de_DE\" \/>\n<meta property=\"og:type\" content=\"article\" \/>\n<meta property=\"og:title\" content=\"Workshops und Schulungen - Valais Solidaire\" \/>\n<meta property=\"og:description\" content=\"Workshops und Schulungen Workshops Comment optimiser sa demande de contribution de projet Samedi 2 mars 2024 9h00 \u00e0 12h00 Av. de la Gare 6, 1920 Martigny Soutien de Valais Solidaire pour remplir les fiches de la demande de contribution. Renseignements et inscription \u00e0 info@valaissolidaire.ch Workshops Caf\u00e9 &#8211; Compta Samedi 20 avril 2024 9h00 &#8211; 12h00 [&hellip;]\" \/>\n<meta property=\"og:url\" content=\"https:\/\/valaissolidaire.ch\/de\/mitgliederbereich\/workshops-und-schulungen\/\" \/>\n<meta property=\"og:site_name\" content=\"Valais Solidaire\" \/>\n<meta property=\"article:modified_time\" content=\"2024-04-08T14:01:32+00:00\" \/>\n<meta name=\"twitter:card\" content=\"summary_large_image\" \/>\n<script type=\"application\/ld+json\" class=\"yoast-schema-graph\">{\"@context\":\"https:\/\/schema.org\",\"@graph\":[{\"@type\":\"WebPage\",\"@id\":\"https:\/\/valaissolidaire.ch\/de\/mitgliederbereich\/workshops-und-schulungen\/\",\"url\":\"https:\/\/valaissolidaire.ch\/de\/mitgliederbereich\/workshops-und-schulungen\/\",\"name\":\"Workshops und Schulungen - Valais Solidaire\",\"isPartOf\":{\"@id\":\"https:\/\/valaissolidaire.ch\/de\/#website\"},\"datePublished\":\"2022-06-09T12:21:49+00:00\",\"dateModified\":\"2024-04-08T14:01:32+00:00\",\"breadcrumb\":{\"@id\":\"https:\/\/valaissolidaire.ch\/de\/mitgliederbereich\/workshops-und-schulungen\/#breadcrumb\"},\"inLanguage\":\"de\",\"potentialAction\":[{\"@type\":\"ReadAction\",\"target\":[\"https:\/\/valaissolidaire.ch\/de\/mitgliederbereich\/workshops-und-schulungen\/\"]}]},{\"@type\":\"BreadcrumbList\",\"@id\":\"https:\/\/valaissolidaire.ch\/de\/mitgliederbereich\/workshops-und-schulungen\/#breadcrumb\",\"itemListElement\":[{\"@type\":\"ListItem\",\"position\":1,\"name\":\"Accueil\",\"item\":\"https:\/\/valaissolidaire.ch\/de\/home\/\"},{\"@type\":\"ListItem\",\"position\":2,\"name\":\"Mitgliederbereich\",\"item\":\"https:\/\/valaissolidaire.ch\/de\/mitgliederbereich\/\"},{\"@type\":\"ListItem\",\"position\":3,\"name\":\"Workshops und Schulungen\"}]},{\"@type\":\"WebSite\",\"@id\":\"https:\/\/valaissolidaire.ch\/de\/#website\",\"url\":\"https:\/\/valaissolidaire.ch\/de\/\",\"name\":\"Valais Solidaire\",\"description\":\"\",\"publisher\":{\"@id\":\"https:\/\/valaissolidaire.ch\/de\/#organization\"},\"potentialAction\":[{\"@type\":\"SearchAction\",\"target\":{\"@type\":\"EntryPoint\",\"urlTemplate\":\"https:\/\/valaissolidaire.ch\/de\/?s={search_term_string}\"},\"query-input\":{\"@type\":\"PropertyValueSpecification\",\"valueRequired\":true,\"valueName\":\"search_term_string\"}}],\"inLanguage\":\"de\"},{\"@type\":\"Organization\",\"@id\":\"https:\/\/valaissolidaire.ch\/de\/#organization\",\"name\":\"Valais Solidaire\",\"url\":\"https:\/\/valaissolidaire.ch\/de\/\",\"logo\":{\"@type\":\"ImageObject\",\"inLanguage\":\"de\",\"@id\":\"https:\/\/valaissolidaire.ch\/de\/#\/schema\/logo\/image\/\",\"url\":\"https:\/\/valaissolidaire.ch\/wp-content\/uploads\/2022\/03\/Logo-2.png\",\"contentUrl\":\"https:\/\/valaissolidaire.ch\/wp-content\/uploads\/2022\/03\/Logo-2.png\",\"width\":2362,\"height\":817,\"caption\":\"Valais Solidaire\"},\"image\":{\"@id\":\"https:\/\/valaissolidaire.ch\/de\/#\/schema\/logo\/image\/\"}}]}<\/script>\n<!-- \/ Yoast SEO plugin. -->","yoast_head_json":{"title":"Workshops und Schulungen - Valais Solidaire","robots":{"index":"index","follow":"follow","max-snippet":"max-snippet:-1","max-image-preview":"max-image-preview:large","max-video-preview":"max-video-preview:-1"},"canonical":"https:\/\/valaissolidaire.ch\/de\/mitgliederbereich\/workshops-und-schulungen\/","og_locale":"de_DE","og_type":"article","og_title":"Workshops und Schulungen - Valais Solidaire","og_description":"Workshops und Schulungen Workshops Comment optimiser sa demande de contribution de projet Samedi 2 mars 2024 9h00 \u00e0 12h00 Av. de la Gare 6, 1920 Martigny Soutien de Valais Solidaire pour remplir les fiches de la demande de contribution. Renseignements et inscription \u00e0 info@valaissolidaire.ch Workshops Caf\u00e9 &#8211; Compta Samedi 20 avril 2024 9h00 &#8211; 12h00 [&hellip;]","og_url":"https:\/\/valaissolidaire.ch\/de\/mitgliederbereich\/workshops-und-schulungen\/","og_site_name":"Valais Solidaire","article_modified_time":"2024-04-08T14:01:32+00:00","twitter_card":"summary_large_image","schema":{"@context":"https:\/\/schema.org","@graph":[{"@type":"WebPage","@id":"https:\/\/valaissolidaire.ch\/de\/mitgliederbereich\/workshops-und-schulungen\/","url":"https:\/\/valaissolidaire.ch\/de\/mitgliederbereich\/workshops-und-schulungen\/","name":"Workshops und Schulungen - Valais Solidaire","isPartOf":{"@id":"https:\/\/valaissolidaire.ch\/de\/#website"},"datePublished":"2022-06-09T12:21:49+00:00","dateModified":"2024-04-08T14:01:32+00:00","breadcrumb":{"@id":"https:\/\/valaissolidaire.ch\/de\/mitgliederbereich\/workshops-und-schulungen\/#breadcrumb"},"inLanguage":"de","potentialAction":[{"@type":"ReadAction","target":["https:\/\/valaissolidaire.ch\/de\/mitgliederbereich\/workshops-und-schulungen\/"]}]},{"@type":"BreadcrumbList","@id":"https:\/\/valaissolidaire.ch\/de\/mitgliederbereich\/workshops-und-schulungen\/#breadcrumb","itemListElement":[{"@type":"ListItem","position":1,"name":"Accueil","item":"https:\/\/valaissolidaire.ch\/de\/home\/"},{"@type":"ListItem","position":2,"name":"Mitgliederbereich","item":"https:\/\/valaissolidaire.ch\/de\/mitgliederbereich\/"},{"@type":"ListItem","position":3,"name":"Workshops und Schulungen"}]},{"@type":"WebSite","@id":"https:\/\/valaissolidaire.ch\/de\/#website","url":"https:\/\/valaissolidaire.ch\/de\/","name":"Valais Solidaire","description":"","publisher":{"@id":"https:\/\/valaissolidaire.ch\/de\/#organization"},"potentialAction":[{"@type":"SearchAction","target":{"@type":"EntryPoint","urlTemplate":"https:\/\/valaissolidaire.ch\/de\/?s={search_term_string}"},"query-input":{"@type":"PropertyValueSpecification","valueRequired":true,"valueName":"search_term_string"}}],"inLanguage":"de"},{"@type":"Organization","@id":"https:\/\/valaissolidaire.ch\/de\/#organization","name":"Valais Solidaire","url":"https:\/\/valaissolidaire.ch\/de\/","logo":{"@type":"ImageObject","inLanguage":"de","@id":"https:\/\/valaissolidaire.ch\/de\/#\/schema\/logo\/image\/","url":"https:\/\/valaissolidaire.ch\/wp-content\/uploads\/2022\/03\/Logo-2.png","contentUrl":"https:\/\/valaissolidaire.ch\/wp-content\/uploads\/2022\/03\/Logo-2.png","width":2362,"height":817,"caption":"Valais Solidaire"},"image":{"@id":"https:\/\/valaissolidaire.ch\/de\/#\/schema\/logo\/image\/"}}]}},"_links":{"self":[{"href":"https:\/\/valaissolidaire.ch\/de\/wp-json\/wp\/v2\/pages\/5813","targetHints":{"allow":["GET"]}}],"collection":[{"href":"https:\/\/valaissolidaire.ch\/de\/wp-json\/wp\/v2\/pages"}],"about":[{"href":"https:\/\/valaissolidaire.ch\/de\/wp-json\/wp\/v2\/types\/page"}],"author":[{"embeddable":true,"href":"https:\/\/valaissolidaire.ch\/de\/wp-json\/wp\/v2\/users\/1"}],"replies":[{"embeddable":true,"href":"https:\/\/valaissolidaire.ch\/de\/wp-json\/wp\/v2\/comments?post=5813"}],"version-history":[{"count":1,"href":"https:\/\/valaissolidaire.ch\/de\/wp-json\/wp\/v2\/pages\/5813\/revisions"}],"predecessor-version":[{"id":5814,"href":"https:\/\/valaissolidaire.ch\/de\/wp-json\/wp\/v2\/pages\/5813\/revisions\/5814"}],"up":[{"embeddable":true,"href":"https:\/\/valaissolidaire.ch\/de\/wp-json\/wp\/v2\/pages\/5787"}],"wp:attachment":[{"href":"https:\/\/valaissolidaire.ch\/de\/wp-json\/wp\/v2\/media?parent=5813"}],"curies":[{"name":"wp","href":"https:\/\/api.w.org\/{rel}","templated":true}]}}